{"id":5003,"date":"2021-07-30T15:42:16","date_gmt":"2021-07-30T13:42:16","guid":{"rendered":"https:\/\/mobility-with-disabilities.org\/fuer-jugendarbeiter-und-organisationen\/einen-jungen-menschen-im-ausland-unterstuetzen\/"},"modified":"2021-07-30T15:42:17","modified_gmt":"2021-07-30T13:42:17","slug":"einen-jungen-menschen-im-ausland-unterstuetzen","status":"publish","type":"page","link":"https:\/\/mobility-with-disabilities.org\/de\/fuer-jugendarbeiter-und-organisationen\/einen-jungen-menschen-im-ausland-unterstuetzen\/","title":{"rendered":"Einen jungen Menschen im Ausland unterst\u00fctzen"},"content":{"rendered":"<div class=\"wp-block-image\"><figure class=\"aligncenter size-large is-resized\"><noscript><img src=\"https:\/\/mobility-with-disabilities.org\/wp-content\/uploads\/2021\/06\/orange_youthworker.png\" alt=\"f\u00fcr jugendarbeiter und organisationen\" class=\"wp-image-4507\" width=\"130\" height=\"135\" srcset=\"https:\/\/mobility-with-disabilities.org\/wp-content\/uploads\/2021\/06\/orange_youthworker.png 256w, https:\/\/mobility-with-disabilities.org\/wp-content\/uploads\/2021\/06\/orange_youthworker-24x24.png 24w\" sizes=\"(max-width: 130px) 100vw, 130px\"><\/noscript><img src=\"data:image\/svg+xml,%3Csvg%20xmlns%3D%22http%3A%2F%2Fwww.w3.org%2F2000%2Fsvg%22%20viewBox%3D%220%200%20130%20135%22%3E%3C%2Fsvg%3E\" alt=\"f\u00fcr jugendarbeiter und organisationen\" class=\"wp-image-4507 lazyload\" width=\"130\" height=\"135\" srcset=\"data:image\/svg+xml,%3Csvg%20xmlns%3D%22http%3A%2F%2Fwww.w3.org%2F2000%2Fsvg%22%20viewBox%3D%220%200%20130%20135%22%3E%3C%2Fsvg%3E 130w\" sizes=\"(max-width: 130px) 100vw, 130px\" data-srcset=\"https:\/\/mobility-with-disabilities.org\/wp-content\/uploads\/2021\/06\/orange_youthworker.png 256w, https:\/\/mobility-with-disabilities.org\/wp-content\/uploads\/2021\/06\/orange_youthworker-24x24.png 24w\" data-src=\"https:\/\/mobility-with-disabilities.org\/wp-content\/uploads\/2021\/06\/orange_youthworker.png\" loading=\"lazy\"><\/figure><\/div>\n\n<h2 class=\"has-text-align-center\">F\u00dcR JUGENDARBEITER &amp; ORGANISATIONEN<\/h2>\n\n<div class=\"wp-block-image\"><figure class=\"aligncenter size-large is-resized\"><noscript><img src=\"https:\/\/mobility-with-disabilities.org\/wp-content\/uploads\/2021\/06\/blue_support.png\" alt class=\"wp-image-4432\" width=\"80\"><\/noscript><img src=\"data:image\/gif;base64,R0lGODlhAQABAIAAAAAAAP\/\/\/yH5BAEAAAAALAAAAAABAAEAAAIBRAA7\" alt class=\"wp-image-4432 lazyload\" width=\"80\" data-src=\"https:\/\/mobility-with-disabilities.org\/wp-content\/uploads\/2021\/06\/blue_support.png\" loading=\"lazy\"><\/figure><\/div>\n\n<h1 class=\"has-text-align-center block-media-title has-text-color\" style=\"color:#d14905\">Unterst\u00fctzung eines jungen Menschen mit Behinderung<\/h1>\n\n<h2 class=\"has-text-align-center\">Einen jungen Menschen im Ausland unterst\u00fctzen<\/h2>\n\n<p class=\"has-text-align-center\">Auf dieser Seite finden Sie Informationen zu den m\u00f6glichen Mobilit\u00e4tsformen, zu den Schritten, die vor einer Mobilit\u00e4tsreise zu unternehmen sind, und zu den Strukturen der Gastgeber, damit Sie eine fundierte Entscheidung treffen k\u00f6nnen. F\u00fcr weitere Informationen steht die Toolbox der Plattform zur Verf\u00fcgung.<\/p>\n\n<h3><span style=\"color:#d44c04\" class=\"has-inline-color\">1. Definieren Sie das Mobilit\u00e4tsprojekt zusammen mit dem jungen Menschen<\/span><\/h3>\n\n<p>Als Jugendbetreuer, der eine internationale Mobilit\u00e4tsma\u00dfnahme f\u00fcr eine Gruppe junger Menschen vorbereitet, sind <strong>Vorausschau<\/strong> und <strong>Verst\u00e4ndnis<\/strong> f\u00fcr die spezifischen Bed\u00fcrfnisse jedes Einzelnen unerl\u00e4sslich.<\/p>\n\n<p>Es ist wichtig zu betonen, dass alle jungen Menschen, ob mit oder ohne Behinderung, bei der Entwicklung von Programmen und Aktivit\u00e4ten in ihrer Einzigartigkeit ber\u00fccksichtigt werden m\u00fcssen, damit die Mobilit\u00e4t f\u00fcr alle angepasst ist und Spa\u00df macht.<\/p>\n\n<p>Um die allgemeine Zug\u00e4nglichkeit zur Mobilit\u00e4t zu gew\u00e4hrleisten, sollten Jugendbetreuer alle spezifischen Bed\u00fcrfnisse und Anpassungen kennen, die junge Menschen mit Behinderungen ben\u00f6tigen. Diese jungen Menschen werden oft von <strong>mehreren Stellen<\/strong> begleitet (Familie, Betreuer, Dienste, Einrichtungen), was eine echte Bereicherung f\u00fcr die Ermittlung der Bed\u00fcrfnisse und die Gestaltung einer angepassten Erfahrung ist, aber wir d\u00fcrfen die wichtigste betroffene Person nicht vergessen: den jungen Menschen selbst.<\/p>\n\n<p>Es ist wichtig, das Projekt gemeinsam mit dem jungen Menschen zu entwickeln und m\u00f6gliche Hindernisse gemeinsam zu ermitteln. Diese Gespr\u00e4che sind umso wichtiger, als sie es dem jungen Menschen auch erm\u00f6glichen, ein <strong>echter Motor<\/strong> seiner internationalen Mobilit\u00e4t zu sein und in aller Ruhe seine Erwartungen zu formulieren. Wiederkehrende oder allt\u00e4gliche Absprachen im Heimatland k\u00f6nnen in einer neuen Umgebung erg\u00e4nzt werden:<\/p>\n\n<p>Ein Jugendlicher, der zum Beispiel <strong>normalerweise<\/strong> keinen Mitschreiber in seiner Muttersprache ben\u00f6tigt, kann im Ausland einen solchen brauchen, um dem Unterricht leichter folgen zu k\u00f6nnen; dieser Bedarf ist neu und muss im Voraus festgestellt werden, um die Vorkehrungen vor Ort zu organisieren. Bei der Vorbereitung dieser Mobilit\u00e4t m\u00fcssen alle Teile des Programms anpassungsf\u00e4hig sein. Die Schl\u00fcsselbegriffe f\u00fcr eine erfolgreiche integrative Mobilit\u00e4t sind <strong>Vorwegnahme und Ko-Konstruktion<\/strong>.<\/p>\n\n<p><strong>Vorwegnahme<\/strong>, da (je nach der Situation der Behinderung) die Bed\u00fcrfnisse manchmal schwerwiegend sein k\u00f6nnen oder lokale Dienstleistungen ohne echte internationale Harmonisierung erfordern. Wenn man sich mit den Fragen des Transports und der Unterbringung befasst, kann die Auswahl je nach Behinderung schnell eingeschr\u00e4nkt werden (Verf\u00fcgbarkeit von PRM-Zimmern oder Zimmern im Erdgeschoss, Reservierung von Fahrzeugen oder angepassten Transportdiensten usw.). Es ist wichtig zu wissen, ob eine Betreuungsperson oder eine oder mehrere Betreuungspersonen den jungen Menschen an den Zielort begleiten werden.<\/p>\n\n<p><strong>Ko-Konstruktion<\/strong>, denn jede Aktivit\u00e4t oder jeder Ausflug, der w\u00e4hrend der Mobilit\u00e4t geplant ist, muss eine gleichberechtigte Teilnahme der jungen Menschen gew\u00e4hrleisten. Das Programm muss so gestaltet werden, dass es die Bed\u00fcrfnisse aller ber\u00fccksichtigt. Nat\u00fcrlich muss die Zug\u00e4nglichkeit der Geb\u00e4ude noch einmal \u00fcberpr\u00fcft werden, aber auch die Erm\u00fcdung der Aktivit\u00e4ten muss ber\u00fccksichtigt werden. Achten Sie darauf, die Tage nicht zu \u00fcberfrachten, und planen Sie, wenn n\u00f6tig, Pausen und Ruhezeiten ein. Je nach Zusammensetzung der Gruppe und der Anzahl der Teilnehmer k\u00f6nnen mehrere Routenoptionen vorgeschlagen werden, um sicherzustellen, dass das Tempo jedes Teilnehmers angepasst wird.<\/p>\n\n<p>Denken Sie daran, dass einige L\u00e4nder noch nicht sehr barrierefrei sind, und w\u00e4hlen Sie daher Reiseziele, deren Dienstleistungen und Geb\u00e4ude besser auf die ge\u00e4u\u00dferten Bed\u00fcrfnisse abgestimmt sind.<\/p>\n\n<p><em>Bitte lesen Sie den Abschnitt 2. Vorbereitung, f\u00fcr weitere Informationen.<\/em><\/p>\n\n<h3><span style=\"color:#d44c04\" class=\"has-inline-color\">2. Informationen \u00fcber das Gastland, das Mobilit\u00e4tsprogramm und die Strukturen<\/span><\/h3>\n\n<p>Es gibt verschiedene Arten der internationalen Mobilit\u00e4t, von der Kurzzeit- bis zur Langzeitmobilit\u00e4t. Junge Menschen k\u00f6nnen ins Ausland gehen, um ihr Studium fortzusetzen, Freiwilligenarbeit zu leisten, ein Praktikum zu absolvieren oder einen Arbeitsplatz zu finden. Diese verschiedenen M\u00f6glichkeiten sind auf den Websites <a href=\"https:\/\/www.cidj.com\/eurodesk\">Eurodesk<\/a> und <a href=\"https:\/\/europa.eu\/youth\/home_fr\">Jugendportal<\/a> zu finden. <\/p>\n\n<p>Als Erstes gilt es, dem jungen Menschen mit Behinderung das <strong>Vertrauen<\/strong> in die Reise zu geben (kommunizieren, so viel wie m\u00f6glich austauschen, indem man die Kontaktdaten von Mobiltelefonen, E-Mails usw. \u00fcbermittelt) und ihm bei der <strong>Planung<\/strong> zu helfen, damit er beruhigt und zuversichtlich ist, vor allem in Bezug auf alle administrativen Abl\u00e4ufe im Zusammenhang mit seiner Mobilit\u00e4t: welche Unterst\u00fctzungsorganisationen es gibt, die verschiedenen m\u00f6glichen Mobilit\u00e4tsprogramme, und so viele Informationen wie m\u00f6glich \u00fcber die Struktur des Gastlandes zu erhalten.<\/p>\n\n<p>Vergewissern Sie sich, dass der junge Mensch \u00fcber alle notwendigen Informationen \u00fcber sein k\u00fcnftiges Zielland verf\u00fcgt (Kultur, Sprache, W\u00e4hrung, Beh\u00f6rdeng\u00e4nge, Transport usw.). Dazu geh\u00f6rt auch, dass er wei\u00df, <strong>was ihn im Gastland erwartet<\/strong>. Nicht alle L\u00e4nder haben die gleiche Auffassung von Behinderung, und w\u00e4hrend in einigen L\u00e4ndern die Lehrer und die Verwaltung in diesem Bereich sehr gut ausgebildet sind, ist dies in anderen L\u00e4ndern weniger der Fall. Es ist wichtig, herauszufinden, welche Ma\u00dfnahmen es in dem Land gibt (z. B. in Bezug auf die Zug\u00e4nglichkeit). <\/p>\n\n<p>Die Art und Weise, wie Behinderung in dem Land <strong>aufgenommen<\/strong> wird, ist ein wichtiger Faktor; der junge Mensch sollte wissen, was ihn erwartet, um seine Integration zu erleichtern. Ob es sich um die anderen Studenten, das Verwaltungspersonal oder das medizinische Personal handelt, alle Beteiligten haben eine andere Art, Dinge zu tun, und das kann in manchen F\u00e4llen den jungen Menschen destabilisieren. Fragen der <strong>Interkulturalit\u00e4t<\/strong> und der Behinderung sollten im Vorfeld mit ihm besprochen werden. Um sich \u00fcber die Kultur des Landes, die Zug\u00e4nglichkeit und die Wahrnehmung von Behinderung zu informieren, k\u00f6nnen Sie die <a href=\"https:\/\/mobility-with-disabilities.org\/map\/\">Karte<\/a> zu Rate ziehen und sich an die entsprechenden Strukturen wenden. <\/p>\n\n<p>Daher besteht der n\u00e4chste Schritt darin, <strong>Kontakt<\/strong> mit den im Gastland vorhandenen Strukturen aufzunehmen, um so viele Informationen wie m\u00f6glich zu erhalten. Welche Strukturen gibt es im Gastland oder in der Stadt, die eine bessere Integration erm\u00f6glichen? Es ist wichtig, eine Bestandsaufnahme der medizinischen Strukturen, aber auch der lokalen Vereinigungen, Universit\u00e4tsvereinigungen usw. zu machen. Beachten Sie dazu bitte die <a href=\"https:\/\/mobility-with-disabilities.org\/map\/\"><strong>Karte<\/strong><\/a>. Eine weitere Liste von Kontakten ist auch in der <strong>ToolBox<\/strong> verf\u00fcgbar.<\/p>\n\n<p>Schlie\u00dflich muss sichergestellt werden, dass der junge Mensch psychologisch und geistig auf die Abreise vorbereitet ist. Die Teilnahme an einem Mobilit\u00e4tsprogramm kann f\u00fcr jemanden, der sich an ein neues Umfeld anpassen muss, ohne seine Familie und Freunde, die ihn im Alltag unterst\u00fctzen, schwierig sein. Es ist wichtig, dies mit dem jungen Menschen zu besprechen, da es ihm hilft, besser zu planen und L\u00f6sungen zu finden, um mit seiner Familie in Kontakt zu bleiben. Im Vorfeld muss sichergestellt werden, dass der junge Mensch wei\u00df, wie er bestimmte technische Hilfsmittel nutzen kann (Anwendungen f\u00fcr Videokonferenzen, soziale Netzwerke usw.). <\/p>\n\n<h3 class=\"has-text-color\" style=\"color:#d44c04\"><span style=\"color:#d44c04\" class=\"has-inline-color\">3. die Verwaltungsverfahren<\/span><\/h3>\n\n<p>Wenn Sie eine internationale Mobilit\u00e4tsma\u00dfnahme mit einem oder mehreren jungen Menschen mit Behinderungen in Ihrer Gruppe organisieren, ist es das Wichtigste, <strong>jede Etappe<\/strong> der Reise mit <strong>jedem jungen Menschen<\/strong> zu planen (manchmal auch mit Hilfe der Familie oder der Betreuer). Der junge Mensch muss der <strong>Hauptakteur<\/strong> bleiben. Je nach Art der vorgeschlagenen Mobilit\u00e4tsma\u00dfnahme wird der junge Mensch mehr oder weniger von <strong>verschiedenen<\/strong> Strukturen beaufsichtigt, insbesondere bei seiner Ankunft. Es ist wichtig, jede Mobilit\u00e4t <strong>von Fall zu Fall<\/strong> zu behandeln, um jeglichen Stress zu vermeiden.<\/p>\n\n<p>Die Herausforderung eines guten Unterst\u00fctzungssystems liegt in der <strong>Vorfreude<\/strong>, besonders wenn es die erste Erfahrung des jungen Menschen mit internationaler Mobilit\u00e4t ist. Abgesehen von seiner oder ihrer Motivation ist es wichtig, im Voraus zu planen, um alle <strong>notwendigen<\/strong> Vorkehrungen oder Unterst\u00fctzungen w\u00e4hrend des Aufenthalts zu treffen.<\/p>\n\n<h4><strong>Zug\u00e4nglichkeit:<\/strong><\/h4>\n\n<p>Je nach Land und Stadt, in der die Mobilit\u00e4t stattfinden soll, kann die Zug\u00e4nglichkeit stark beeintr\u00e4chtigt werden. Die Lage der Unterkunft, ihre Zug\u00e4nglichkeitsstandards, das \u00f6ffentliche Verkehrsnetz, der Zustand des Stra\u00dfenverkehrs&#8230; all diese Elemente m\u00fcssen ber\u00fccksichtigt werden. <\/p>\n\n<p>Wenn es m\u00f6glich ist, einen <strong>lokalen Verband<\/strong> zu kontaktieren, kann dies ein gro\u00dfer Vorteil sein, um die <strong>Schl\u00fcsselkontakte<\/strong> vor Ort zu identifizieren. Wenn der junge Mensch bereits Mitglied eines Vereins in seinem Land ist, erkundigen Sie sich, ob der Verein nicht bereits Partnerschaften im Gastland unterh\u00e4lt. Einige lokale Beh\u00f6rden, wie z. B. die Rath\u00e4user, verf\u00fcgen \u00fcber <strong>Behindertendienste<\/strong> und k\u00f6nnen ebenfalls Informationen liefern.<\/p>\n\n<h4 class=\"has-text-align-left\"><strong>Im Bereich des Verkehrs:<\/strong><\/h4>\n\n<p>Je nach Art des Transportmittels, das f\u00fcr die internationale Mobilit\u00e4t genutzt wird (Flugzeug, Zug, Bus, etc.), gibt es <strong>spezifische Anforderungen<\/strong>, um eine <strong>an die Behinderung angepasste Reise<\/strong> zu gew\u00e4hrleisten, z\u00f6gern Sie nicht, die Unternehmen zu kontaktieren. Sie sind <strong>verpflichtet<\/strong>, allen ihren Fahrg\u00e4sten einen zug\u00e4nglichen Service zu bieten, vorbehaltlich einer <strong>vorherigen Anfrage<\/strong>. Wenn der Sch\u00fcler einen behindertengerechten Transport vor Ort ben\u00f6tigt, sollten Sie sich ebenfalls rechtzeitig erkundigen, um die Reservierung eines Fahrzeugs zu gew\u00e4hrleisten.<\/p>\n\n<h4 class=\"has-text-align-left\"><strong>Im Bereich der Gesundheit:<\/strong><\/h4>\n\n<p>Ein paar kleine Tipps machen die Mobilit\u00e4t gelassener: Vergewissern Sie sich, dass der Student im Voraus eine <strong>Europ\u00e4ische Krankenversicherungskarte<\/strong> beantragt hat (wenn er oder sie innerhalb der Europ\u00e4ischen Union umzieht), um sicherzustellen, dass er oder sie die Kosten f\u00fcr die medizinische Versorgung vor Ort erstattet bekommt. Vergewissern Sie sich, dass der Student\/die Studentin <strong>alle Rezepte<\/strong> mitnehmen will (wenn m\u00f6glich \u00fcbersetzt). Vergewissern Sie sich, dass der\/die Studierende alle seine\/ihre Medikamente oder Behandlungen bei sich hat, wenn m\u00f6glich zus\u00e4tzlich f\u00fcr den Notfall. Ein Verbandskasten muss ausdr\u00fccklich gekennzeichnet sein, wenn der junge Mensch w\u00e4hrend seiner Mobilit\u00e4t begleitet wird. <\/p>\n\n<p>Bitte beachten Sie, dass Sie die Transportunternehmen informieren sollten, wenn der junge Mensch mit bestimmten Behandlungen reist, da diese m\u00f6glicherweise eine <strong>besondere Bescheinigung<\/strong> ben\u00f6tigen. Vergewissern Sie sich, dass der\/die Jugendliche mit seiner\/ihrer Krankenkasse und\/oder Versicherungsgesellschaft Vereinbarungen getroffen hat, um sicherzustellen, dass er\/sie w\u00e4hrend der Mobilit\u00e4tsphase angemessen <strong>versichert<\/strong> ist, insbesondere wenn vor Ort Ger\u00e4te gemietet werden m\u00fcssen oder wenn z. B. ein Rollstuhl im Vertrag mitgef\u00fchrt wird. Bestimmen Sie gemeinsam mit dem jungen Menschen die famili\u00e4ren oder medizinischen Notfallkontakte in seinem Herkunftsland.<\/p>\n\n<p>Der junge Mensch kann von einem oder mehreren <strong>Betreuern<\/strong> oder Lebenshelfern begleitet werden. Es ist wichtig, die Mobilit\u00e4t auf die spezifischen Bed\u00fcrfnisse des jungen Menschen abzustimmen. Dies ist umso wichtiger, wenn die entsendende Organisation den finanziellen Aspekt des Projekts verwaltet und in ihrem Budget die Kosten f\u00fcr die Unterbringung und\/oder den Bedarf an menschlicher Unterst\u00fctzung ber\u00fccksichtigen muss.<\/p>\n\n<p>Es ist von gr\u00f6\u00dfter Bedeutung, dass die <strong>entsendende<\/strong> Struktur in engem Kontakt mit der <strong>aufnehmenden<\/strong> Struktur steht, um so weit wie m\u00f6glich die Bed\u00fcrfnisse, die w\u00e4hrend der Vorbereitung der Mobilit\u00e4t mit dem jungen Menschen ermittelt wurden, und die Umsetzung dieser Bed\u00fcrfnisse durch die aufnehmende Struktur zu planen.<\/p>\n\n<div class=\"wp-block-image\"><figure class=\"aligncenter size-large is-resized\"><noscript><img src=\"https:\/\/mobility-with-disabilities.org\/wp-content\/uploads\/2021\/05\/en-te\u0302te-NL1-2-1024x467.png\" alt class=\"wp-image-3911\" width=\"640\" height=\"291\"><\/noscript><img src=\"data:image\/svg+xml,%3Csvg%20xmlns%3D%22http%3A%2F%2Fwww.w3.org%2F2000%2Fsvg%22%20viewBox%3D%220%200%20640%20291%22%3E%3C%2Fsvg%3E\" alt class=\"wp-image-3911 lazyload\" width=\"640\" height=\"291\" data-src=\"https:\/\/mobility-with-disabilities.org\/wp-content\/uploads\/2021\/05\/en-te\u0302te-NL1-2-1024x467.png\" loading=\"lazy\"><\/figure><\/div>\n","protected":false},"excerpt":{"rendered":"<p>F\u00dcR JUGENDARBEITER &amp; ORGANISATIONEN Unterst\u00fctzung eines jungen Menschen mit Behinderung Einen jungen Menschen im Ausland unterst\u00fctzen Auf dieser Seite finden &#8230; <a title=\"Einen jungen Menschen im Ausland unterst\u00fctzen\" class=\"read-more\" href=\"https:\/\/mobility-with-disabilities.org\/de\/fuer-jugendarbeiter-und-organisationen\/einen-jungen-menschen-im-ausland-unterstuetzen\/\">Weiterlesen <span class=\"screen-reader-text\">Einen jungen Menschen im Ausland unterst\u00fctzen<\/span><\/a><\/p>\n","protected":false},"author":1,"featured_media":0,"parent":4994,"menu_order":0,"comment_status":"closed","ping_status":"closed","template":"","meta":{"_bbp_topic_count":0,"_bbp_reply_count":0,"_bbp_total_topic_count":0,"_bbp_total_reply_count":0,"_bbp_voice_count":0,"_bbp_anonymous_reply_count":0,"_bbp_topic_count_hidden":0,"_bbp_reply_count_hidden":0,"_bbp_forum_subforum_count":0},"yoast_head":"<!-- This site is optimized with the Yoast SEO plugin v17.9 - https:\/\/yoast.com\/wordpress\/plugins\/seo\/ -->\n<title>Einen jungen Menschen im Ausland unterst\u00fctzen - Mobility With Disabilities<\/title>\n<meta name=\"robots\" content=\"index, follow, max-snippet:-1, max-image-preview:large, max-video-preview:-1\" \/>\n<link rel=\"canonical\" href=\"https:\/\/mobility-with-disabilities.org\/de\/fuer-jugendarbeiter-und-organisationen\/einen-jungen-menschen-im-ausland-unterstuetzen\/\" \/>\n<meta property=\"og:locale\" content=\"de_DE\" \/>\n<meta property=\"og:type\" content=\"article\" \/>\n<meta property=\"og:title\" content=\"Einen jungen Menschen im Ausland unterst\u00fctzen - Mobility With Disabilities\" \/>\n<meta property=\"og:description\" content=\"F\u00dcR JUGENDARBEITER &amp; ORGANISATIONEN Unterst\u00fctzung eines jungen Menschen mit Behinderung Einen jungen Menschen im Ausland unterst\u00fctzen Auf dieser Seite finden ... Weiterlesen Einen jungen Menschen im Ausland unterst\u00fctzen\" \/>\n<meta property=\"og:url\" content=\"https:\/\/mobility-with-disabilities.org\/de\/fuer-jugendarbeiter-und-organisationen\/einen-jungen-menschen-im-ausland-unterstuetzen\/\" \/>\n<meta property=\"og:site_name\" content=\"Mobility With Disabilities\" \/>\n<meta property=\"article:modified_time\" content=\"2021-07-30T13:42:17+00:00\" \/>\n<meta property=\"og:image\" content=\"https:\/\/mobility-with-disabilities.org\/wp-content\/uploads\/2021\/06\/orange_youthworker.png\" \/>\n<meta name=\"twitter:card\" content=\"summary_large_image\" \/>\n<meta name=\"twitter:label1\" content=\"Gesch\u00e4tzte Lesezeit\" \/>\n\t<meta name=\"twitter:data1\" content=\"9\u00a0Minuten\" \/>\n<script type=\"application\/ld+json\" class=\"yoast-schema-graph\">{\"@context\":\"https:\/\/schema.org\",\"@graph\":[{\"@type\":\"Organization\",\"@id\":\"https:\/\/mobility-with-disabilities.org\/#organization\",\"name\":\"Mobility with disabilities\",\"url\":\"https:\/\/mobility-with-disabilities.org\/\",\"sameAs\":[],\"logo\":{\"@type\":\"ImageObject\",\"@id\":\"https:\/\/mobility-with-disabilities.org\/#logo\",\"inLanguage\":\"de\",\"url\":\"https:\/\/mobility-with-disabilities.org\/wp-content\/uploads\/2019\/11\/logo-Transparent.png\",\"contentUrl\":\"https:\/\/mobility-with-disabilities.org\/wp-content\/uploads\/2019\/11\/logo-Transparent.png\",\"width\":1904,\"height\":638,\"caption\":\"Mobility with disabilities\"},\"image\":{\"@id\":\"https:\/\/mobility-with-disabilities.org\/#logo\"}},{\"@type\":\"WebSite\",\"@id\":\"https:\/\/mobility-with-disabilities.org\/#website\",\"url\":\"https:\/\/mobility-with-disabilities.org\/\",\"name\":\"Mobility With Disabilities\",\"description\":\"\",\"publisher\":{\"@id\":\"https:\/\/mobility-with-disabilities.org\/#organization\"},\"potentialAction\":[{\"@type\":\"SearchAction\",\"target\":{\"@type\":\"EntryPoint\",\"urlTemplate\":\"https:\/\/mobility-with-disabilities.org\/?s={search_term_string}\"},\"query-input\":\"required name=search_term_string\"}],\"inLanguage\":\"de\"},{\"@type\":\"ImageObject\",\"@id\":\"https:\/\/mobility-with-disabilities.org\/de\/fuer-jugendarbeiter-und-organisationen\/einen-jungen-menschen-im-ausland-unterstuetzen\/#primaryimage\",\"inLanguage\":\"de\",\"url\":\"https:\/\/mobility-with-disabilities.org\/wp-content\/uploads\/2021\/06\/orange_youthworker.png\",\"contentUrl\":\"https:\/\/mobility-with-disabilities.org\/wp-content\/uploads\/2021\/06\/orange_youthworker.png\",\"width\":256,\"height\":266},{\"@type\":\"WebPage\",\"@id\":\"https:\/\/mobility-with-disabilities.org\/de\/fuer-jugendarbeiter-und-organisationen\/einen-jungen-menschen-im-ausland-unterstuetzen\/#webpage\",\"url\":\"https:\/\/mobility-with-disabilities.org\/de\/fuer-jugendarbeiter-und-organisationen\/einen-jungen-menschen-im-ausland-unterstuetzen\/\",\"name\":\"Einen jungen Menschen im Ausland unterst\\u00fctzen - Mobility With Disabilities\",\"isPartOf\":{\"@id\":\"https:\/\/mobility-with-disabilities.org\/#website\"},\"primaryImageOfPage\":{\"@id\":\"https:\/\/mobility-with-disabilities.org\/de\/fuer-jugendarbeiter-und-organisationen\/einen-jungen-menschen-im-ausland-unterstuetzen\/#primaryimage\"},\"datePublished\":\"2021-07-30T13:42:16+00:00\",\"dateModified\":\"2021-07-30T13:42:17+00:00\",\"breadcrumb\":{\"@id\":\"https:\/\/mobility-with-disabilities.org\/de\/fuer-jugendarbeiter-und-organisationen\/einen-jungen-menschen-im-ausland-unterstuetzen\/#breadcrumb\"},\"inLanguage\":\"de\",\"potentialAction\":[{\"@type\":\"ReadAction\",\"target\":[\"https:\/\/mobility-with-disabilities.org\/de\/fuer-jugendarbeiter-und-organisationen\/einen-jungen-menschen-im-ausland-unterstuetzen\/\"]}]},{\"@type\":\"BreadcrumbList\",\"@id\":\"https:\/\/mobility-with-disabilities.org\/de\/fuer-jugendarbeiter-und-organisationen\/einen-jungen-menschen-im-ausland-unterstuetzen\/#breadcrumb\",\"itemListElement\":[{\"@type\":\"ListItem\",\"position\":1,\"name\":\"Accueil\",\"item\":\"https:\/\/mobility-with-disabilities.org\/de\/\"},{\"@type\":\"ListItem\",\"position\":2,\"name\":\"F\\u00fcr jugendarbeiter und organisationen\",\"item\":\"https:\/\/mobility-with-disabilities.org\/de\/fuer-jugendarbeiter-und-organisationen\/\"},{\"@type\":\"ListItem\",\"position\":3,\"name\":\"Einen jungen Menschen im Ausland unterst\\u00fctzen\"}]}]}<\/script>\n<!-- \/ Yoast SEO plugin. -->","yoast_head_json":{"title":"Einen jungen Menschen im Ausland unterst\u00fctzen - Mobility With Disabilities","robots":{"index":"index","follow":"follow","max-snippet":"max-snippet:-1","max-image-preview":"max-image-preview:large","max-video-preview":"max-video-preview:-1"},"canonical":"https:\/\/mobility-with-disabilities.org\/de\/fuer-jugendarbeiter-und-organisationen\/einen-jungen-menschen-im-ausland-unterstuetzen\/","og_locale":"de_DE","og_type":"article","og_title":"Einen jungen Menschen im Ausland unterst\u00fctzen - Mobility With Disabilities","og_description":"F\u00dcR JUGENDARBEITER &amp; ORGANISATIONEN Unterst\u00fctzung eines jungen Menschen mit Behinderung Einen jungen Menschen im Ausland unterst\u00fctzen Auf dieser Seite finden ... Weiterlesen Einen jungen Menschen im Ausland unterst\u00fctzen","og_url":"https:\/\/mobility-with-disabilities.org\/de\/fuer-jugendarbeiter-und-organisationen\/einen-jungen-menschen-im-ausland-unterstuetzen\/","og_site_name":"Mobility With Disabilities","article_modified_time":"2021-07-30T13:42:17+00:00","og_image":[{"url":"https:\/\/mobility-with-disabilities.org\/wp-content\/uploads\/2021\/06\/orange_youthworker.png"}],"twitter_card":"summary_large_image","twitter_misc":{"Gesch\u00e4tzte Lesezeit":"9\u00a0Minuten"},"schema":{"@context":"https:\/\/schema.org","@graph":[{"@type":"Organization","@id":"https:\/\/mobility-with-disabilities.org\/#organization","name":"Mobility with disabilities","url":"https:\/\/mobility-with-disabilities.org\/","sameAs":[],"logo":{"@type":"ImageObject","@id":"https:\/\/mobility-with-disabilities.org\/#logo","inLanguage":"de","url":"https:\/\/mobility-with-disabilities.org\/wp-content\/uploads\/2019\/11\/logo-Transparent.png","contentUrl":"https:\/\/mobility-with-disabilities.org\/wp-content\/uploads\/2019\/11\/logo-Transparent.png","width":1904,"height":638,"caption":"Mobility with disabilities"},"image":{"@id":"https:\/\/mobility-with-disabilities.org\/#logo"}},{"@type":"WebSite","@id":"https:\/\/mobility-with-disabilities.org\/#website","url":"https:\/\/mobility-with-disabilities.org\/","name":"Mobility With Disabilities","description":"","publisher":{"@id":"https:\/\/mobility-with-disabilities.org\/#organization"},"potentialAction":[{"@type":"SearchAction","target":{"@type":"EntryPoint","urlTemplate":"https:\/\/mobility-with-disabilities.org\/?s={search_term_string}"},"query-input":"required name=search_term_string"}],"inLanguage":"de"},{"@type":"ImageObject","@id":"https:\/\/mobility-with-disabilities.org\/de\/fuer-jugendarbeiter-und-organisationen\/einen-jungen-menschen-im-ausland-unterstuetzen\/#primaryimage","inLanguage":"de","url":"https:\/\/mobility-with-disabilities.org\/wp-content\/uploads\/2021\/06\/orange_youthworker.png","contentUrl":"https:\/\/mobility-with-disabilities.org\/wp-content\/uploads\/2021\/06\/orange_youthworker.png","width":256,"height":266},{"@type":"WebPage","@id":"https:\/\/mobility-with-disabilities.org\/de\/fuer-jugendarbeiter-und-organisationen\/einen-jungen-menschen-im-ausland-unterstuetzen\/#webpage","url":"https:\/\/mobility-with-disabilities.org\/de\/fuer-jugendarbeiter-und-organisationen\/einen-jungen-menschen-im-ausland-unterstuetzen\/","name":"Einen jungen Menschen im Ausland unterst\u00fctzen - Mobility With Disabilities","isPartOf":{"@id":"https:\/\/mobility-with-disabilities.org\/#website"},"primaryImageOfPage":{"@id":"https:\/\/mobility-with-disabilities.org\/de\/fuer-jugendarbeiter-und-organisationen\/einen-jungen-menschen-im-ausland-unterstuetzen\/#primaryimage"},"datePublished":"2021-07-30T13:42:16+00:00","dateModified":"2021-07-30T13:42:17+00:00","breadcrumb":{"@id":"https:\/\/mobility-with-disabilities.org\/de\/fuer-jugendarbeiter-und-organisationen\/einen-jungen-menschen-im-ausland-unterstuetzen\/#breadcrumb"},"inLanguage":"de","potentialAction":[{"@type":"ReadAction","target":["https:\/\/mobility-with-disabilities.org\/de\/fuer-jugendarbeiter-und-organisationen\/einen-jungen-menschen-im-ausland-unterstuetzen\/"]}]},{"@type":"BreadcrumbList","@id":"https:\/\/mobility-with-disabilities.org\/de\/fuer-jugendarbeiter-und-organisationen\/einen-jungen-menschen-im-ausland-unterstuetzen\/#breadcrumb","itemListElement":[{"@type":"ListItem","position":1,"name":"Accueil","item":"https:\/\/mobility-with-disabilities.org\/de\/"},{"@type":"ListItem","position":2,"name":"F\u00fcr jugendarbeiter und organisationen","item":"https:\/\/mobility-with-disabilities.org\/de\/fuer-jugendarbeiter-und-organisationen\/"},{"@type":"ListItem","position":3,"name":"Einen jungen Menschen im Ausland unterst\u00fctzen"}]}]}},"uagb_featured_image_src":{"full":false,"thumbnail":false,"medium":false,"medium_large":false,"large":false,"1536x1536":false,"2048x2048":false,"alm-thumbnail":false,"course_thumbnail":false,"profile_24":false,"profile_48":false,"profile_96":false,"profile_150":false,"profile_300":false},"uagb_author_info":{"display_name":"IMD","author_link":"https:\/\/mobility-with-disabilities.org\/de\/author\/admin4690\/"},"uagb_comment_info":0,"uagb_excerpt":"F\u00dcR JUGENDARBEITER &amp; ORGANISATIONEN Unterst\u00fctzung eines jungen Menschen mit Behinderung Einen jungen Menschen im Ausland unterst\u00fctzen Auf dieser Seite finden ... Weiterlesen Einen jungen Menschen im Ausland unterst\u00fctzen","_links":{"self":[{"href":"https:\/\/mobility-with-disabilities.org\/de\/wp-json\/wp\/v2\/pages\/5003"}],"collection":[{"href":"https:\/\/mobility-with-disabilities.org\/de\/wp-json\/wp\/v2\/pages"}],"about":[{"href":"https:\/\/mobility-with-disabilities.org\/de\/wp-json\/wp\/v2\/types\/page"}],"author":[{"embeddable":true,"href":"https:\/\/mobility-with-disabilities.org\/de\/wp-json\/wp\/v2\/users\/1"}],"replies":[{"embeddable":true,"href":"https:\/\/mobility-with-disabilities.org\/de\/wp-json\/wp\/v2\/comments?post=5003"}],"version-history":[{"count":1,"href":"https:\/\/mobility-with-disabilities.org\/de\/wp-json\/wp\/v2\/pages\/5003\/revisions"}],"predecessor-version":[{"id":5004,"href":"https:\/\/mobility-with-disabilities.org\/de\/wp-json\/wp\/v2\/pages\/5003\/revisions\/5004"}],"up":[{"embeddable":true,"href":"https:\/\/mobility-with-disabilities.org\/de\/wp-json\/wp\/v2\/pages\/4994"}],"wp:attachment":[{"href":"https:\/\/mobility-with-disabilities.org\/de\/wp-json\/wp\/v2\/media?parent=5003"}],"curies":[{"name":"wp","href":"https:\/\/api.w.org\/{rel}","templated":true}]}}